{"id":944,"date":"2022-01-27T21:04:51","date_gmt":"2022-01-27T21:04:51","guid":{"rendered":"https:\/\/tecnicoenfarmaciayparafarmacia.com\/Formacion_farmacias\/?page_id=944"},"modified":"2022-01-27T21:59:29","modified_gmt":"2022-01-27T21:59:29","slug":"soft-skills","status":"publish","type":"page","link":"https:\/\/tecnicoenfarmaciayparafarmacia.com\/Formacion_farmacias\/?page_id=944","title":{"rendered":"Soft Skills"},"content":{"rendered":"\n<div class=\"wp-block-media-text alignwide has-media-on-the-right is-stacked-on-mobile is-vertically-aligned-top\" style=\"grid-template-columns:auto 40%\"><figure class=\"wp-block-media-text__media\"><img src=\"https:\/\/accionformativa.es\/formacion_SM\/wp-content\/uploads\/2022\/01\/soft01.jpg\" alt=\"\" class=\"wp-image-1033 size-full\"\/><\/figure><div class=\"wp-block-media-text__content\">\n<p class=\"has-text-align-right\" style=\"font-size:24px\"><strong><span class=\"has-inline-color has-black-color\">Delegaci\u00f3n en RRHH<\/span><\/strong><\/p>\n\n\n\n<p class=\"has-text-align-right\"><span class=\"has-inline-color has-black-color\"><strong>Duraci\u00f3n: <\/strong>20 horas<\/span><\/p>\n\n\n\n<p class=\"has-text-align-right\"><span class=\"has-inline-color has-black-color\">P\u00fablico General: <strong>150\u20ac<\/strong><\/span><\/p>\n\n\n\n<p class=\"has-text-align-right has-medium-font-size\"><span class=\"has-inline-color has-black-color\">Centros Oficiales Silvia Moreno: <\/span><strong><span class=\"has-inline-color has-vivid-green-cyan-color\">120\u20ac<\/span><\/strong> <span class=\"has-inline-color has-black-color\">(bonificado)<\/span><\/p>\n\n\n\n<p class=\"has-text-align-right\"><a href=\"https:\/\/tecnicoenfarmaciayparafarmacia.com\/Formacion_farmacias\/?page_id=951\">M\u00e1s informaci\u00f3n<\/a><\/p>\n<\/div><\/div>\n\n\n\n<hr style=\"height:1px;border:none;color:#333;background-color:#333;\">\n\n\n\n<div class=\"wp-block-media-text alignwide is-stacked-on-mobile is-vertically-aligned-top has-cyan-bluish-gray-color has-text-color\" style=\"grid-template-columns:40% auto\"><figure class=\"wp-block-media-text__media\"><img src=\"https:\/\/accionformativa.es\/formacion_SM\/wp-content\/uploads\/2022\/01\/soft05.jpg\" alt=\"\" class=\"wp-image-1037 size-full\"\/><\/figure><div class=\"wp-block-media-text__content\">\n<p class=\"has-text-align-left has-black-color has-text-color\" style=\"font-size:24px\"><strong>La Gesti\u00f3n del Tiempo y Tareas para Equipos de Alto Rendimiento<\/strong><\/p>\n\n\n\n<p class=\"has-text-align-left has-black-color has-text-color\"><span class=\"has-inline-color has-black-color\"><strong>Duraci\u00f3n: <\/strong>6 horas<\/span><\/p>\n\n\n\n<p><span class=\"has-inline-color has-black-color\">P\u00fablico General: <strong>45\u20ac<\/strong><\/span><\/p>\n\n\n\n<p class=\"has-medium-font-size\"><span class=\"has-inline-color has-black-color\">Centros Oficiales Silvia Moreno: <\/span><strong><span class=\"has-inline-color has-vivid-green-cyan-color\">35\u20ac<\/span><\/strong> <span class=\"has-inline-color has-black-color\">(bonificado)<\/span><\/p>\n\n\n\n<p class=\"has-text-align-left\"><a href=\"https:\/\/accionformativa.es\/formacion_SM\/?page_id=966\"><a href=\"https:\/\/tecnicoenfarmaciayparafarmacia.com\/Formacion_farmacias\/?page_id=951\">M\u00e1s informaci\u00f3n<\/a><\/a><\/p>\n<\/div><\/div>\n\n\n\n<hr style=\"height:1px;border:none;color:#333;background-color:#333;\">\n\n\n\n<div class=\"wp-block-media-text alignwide has-media-on-the-right is-stacked-on-mobile is-vertically-aligned-top\" style=\"grid-template-columns:auto 40%\"><figure class=\"wp-block-media-text__media\"><img src=\"https:\/\/accionformativa.es\/formacion_SM\/wp-content\/uploads\/2022\/01\/RRHH016.jpg\" alt=\"\" class=\"wp-image-1027 size-full\"\/><\/figure><div class=\"wp-block-media-text__content\">\n<p class=\"has-text-align-right\" style=\"font-size:24px\"><strong>T\u00e9cnicas de Negociaci\u00f3n<\/strong><\/p>\n\n\n\n<p class=\"has-text-align-right\"><span class=\"has-inline-color has-black-color\"><strong>Duraci\u00f3n: <\/strong>15 horas<\/span><\/p>\n\n\n\n<p class=\"has-text-align-right\"><span class=\"has-inline-color has-black-color\">P\u00fablico General: <strong>115\u20ac<\/strong><\/span><\/p>\n\n\n\n<p class=\"has-text-align-right has-medium-font-size\"><span class=\"has-inline-color has-black-color\">Centros Oficiales Silvia Moreno: <\/span><strong><span class=\"has-inline-color has-vivid-green-cyan-color\">90\u20ac<\/span><\/strong> <span class=\"has-inline-color has-black-color\">(bonificado)<\/span><\/p>\n\n\n\n<p class=\"has-text-align-right\"><a href=\"https:\/\/accionformativa.es\/formacion_SM\/?page_id=966\"><a href=\"https:\/\/tecnicoenfarmaciayparafarmacia.com\/Formacion_farmacias\/?page_id=951\">M\u00e1s informaci\u00f3n<\/a><\/a><\/p>\n<\/div><\/div>\n\n\n\n<hr style=\"height:1px;border:none;color:#333;background-color:#333;\">\n\n\n\n<div class=\"wp-block-media-text alignwide is-stacked-on-mobile is-vertically-aligned-top has-cyan-bluish-gray-color has-text-color\" style=\"grid-template-columns:40% auto\"><figure class=\"wp-block-media-text__media\"><img src=\"https:\/\/accionformativa.es\/formacion_SM\/wp-content\/uploads\/2022\/01\/soft04.jpg\" alt=\"\" class=\"wp-image-1036 size-full\"\/><\/figure><div class=\"wp-block-media-text__content\">\n<p class=\"has-text-align-left has-black-color has-text-color\" style=\"font-size:24px\"><strong>La Gesti\u00f3n de Conflictos en el Entorno Laboral<\/strong><\/p>\n\n\n\n<p class=\"has-text-align-left\"><span class=\"has-inline-color has-black-color\"><strong>Duraci\u00f3n: <\/strong>8 horas<\/span><\/p>\n\n\n\n<p><span class=\"has-inline-color has-black-color\">P\u00fablico General: <strong>60\u20ac<\/strong><\/span><\/p>\n\n\n\n<p class=\"has-medium-font-size\"><span class=\"has-inline-color has-black-color\">ColeCentros Oficiales Silvia Moreno: <\/span><strong><span class=\"has-inline-color has-vivid-green-cyan-color\">45\u20ac<\/span><\/strong> <span class=\"has-inline-color has-black-color\">(bonificado)<\/span><\/p>\n\n\n\n<p class=\"has-text-align-left\"><a href=\"https:\/\/accionformativa.es\/formacion_SM\/?page_id=966\"><a href=\"https:\/\/tecnicoenfarmaciayparafarmacia.com\/Formacion_farmacias\/?page_id=951\">M\u00e1s informaci\u00f3n<\/a><\/a><\/p>\n<\/div><\/div>\n\n\n\n<hr style=\"height:1px;border:none;color:#333;background-color:#333;\">\n\n\n\n<div class=\"wp-block-media-text alignwide has-media-on-the-right is-stacked-on-mobile is-vertically-aligned-top\" style=\"grid-template-columns:auto 40%\"><figure class=\"wp-block-media-text__media\"><img src=\"https:\/\/accionformativa.es\/formacion_SM\/wp-content\/uploads\/2022\/01\/soft03.jpg\" alt=\"\" class=\"wp-image-1035 size-full\"\/><\/figure><div class=\"wp-block-media-text__content\">\n<p class=\"has-text-align-right\" style=\"font-size:24px\"><strong>Escucha Activa y Empat\u00eda<\/strong><\/p>\n\n\n\n<p class=\"has-text-align-right\"><strong>Duraci\u00f3n: <\/strong>30 horas<\/p>\n\n\n\n<p class=\"has-text-align-right\"><span class=\"has-inline-color has-black-color\"><span class=\"has-inline-color has-black-color\">P\u00fablico General: <strong>225\u20ac<\/strong><\/span><\/span><\/p>\n\n\n\n<p class=\"has-text-align-right has-medium-font-size\"><span class=\"has-inline-color has-black-color\">Centros Oficiales Silvia Moreno: <\/span><strong><span class=\"has-inline-color has-vivid-green-cyan-color\">180\u20ac<\/span><\/strong> <span class=\"has-inline-color has-black-color\">(bonificado<\/span>)<\/p>\n\n\n\n<p class=\"has-text-align-right\"><a href=\"https:\/\/accionformativa.es\/formacion_SM\/?page_id=966\"><a href=\"https:\/\/tecnicoenfarmaciayparafarmacia.com\/Formacion_farmacias\/?page_id=951\">M\u00e1s informaci\u00f3n<\/a><\/a><\/p>\n<\/div><\/div>\n\n\n\n<hr style=\"height:1px;border:none;color:#333;background-color:#333;\">\n\n\n\n<div class=\"wp-block-media-text alignwide is-stacked-on-mobile is-vertically-aligned-top has-cyan-bluish-gray-color has-text-color\" style=\"grid-template-columns:40% auto\"><figure class=\"wp-block-media-text__media\"><img src=\"https:\/\/accionformativa.es\/formacion_SM\/wp-content\/uploads\/2022\/01\/soft06.jpg\" alt=\"\" class=\"wp-image-1038 size-full\"\/><\/figure><div class=\"wp-block-media-text__content\">\n<p class=\"has-text-align-left has-black-color has-text-color\" style=\"font-size:24px\"><strong>Presentaciones Efectivas en Entorno Laboral<\/strong><\/p>\n\n\n\n<p class=\"has-text-align-left\"><span class=\"has-inline-color has-black-color\"><strong>Duraci\u00f3n: <\/strong>15 horas<\/span><\/p>\n\n\n\n<p><span class=\"has-inline-color has-black-color\">P\u00fablico General: <strong>115\u20ac<\/strong><\/span><\/p>\n\n\n\n<p class=\"has-medium-font-size\"><span class=\"has-inline-color has-black-color\">Centros Oficiales Silvia Moreno: <\/span><strong><span class=\"has-inline-color has-vivid-green-cyan-color\">90\u20ac<\/span><\/strong> <span class=\"has-inline-color has-black-color\">(bonificado)<\/span><\/p>\n\n\n\n<p class=\"has-text-align-left\"><a href=\"https:\/\/accionformativa.es\/formacion_SM\/?page_id=966\"><a href=\"https:\/\/tecnicoenfarmaciayparafarmacia.com\/Formacion_farmacias\/?page_id=951\">M\u00e1s informaci\u00f3n<\/a><\/a><\/p>\n<\/div><\/div>\n\n\n\n<hr style=\"height:1px;border:none;color:#333;background-color:#333;\">\n\n\n\n<div class=\"wp-block-media-text alignwide has-media-on-the-right is-stacked-on-mobile is-vertically-aligned-top\" style=\"grid-template-columns:auto 40%\"><figure class=\"wp-block-media-text__media\"><img src=\"https:\/\/accionformativa.es\/formacion_SM\/wp-content\/uploads\/2022\/01\/soft09.jpg\" alt=\"\" class=\"wp-image-1041 size-full\"\/><\/figure><div class=\"wp-block-media-text__content\">\n<p class=\"has-text-align-right\" style=\"font-size:24px\"><strong>Herramientas para Presentaciones Verbales Efectivas e Impactantes<\/strong><\/p>\n\n\n\n<p class=\"has-text-align-right\"><span class=\"has-inline-color has-black-color\"><strong>Duraci\u00f3n: <\/strong>8 horas<\/span><\/p>\n\n\n\n<p class=\"has-text-align-right\"><span class=\"has-inline-color has-black-color\"><span class=\"has-inline-color has-black-color\">P\u00fablico General: <strong>60\u20ac<\/strong><\/span><\/span><\/p>\n\n\n\n<p class=\"has-text-align-right has-medium-font-size\"><span class=\"has-inline-color has-black-color\">Centros Oficiales Silvia Moreno: <\/span><span class=\"has-inline-color has-vivid-green-cyan-color\"><strong>45\u20ac <\/strong><\/span><span class=\"has-inline-color has-black-color\">(bonificado)<\/span><\/p>\n\n\n\n<p class=\"has-text-align-right\"><a href=\"https:\/\/accionformativa.es\/formacion_SM\/?page_id=966\"><a href=\"https:\/\/tecnicoenfarmaciayparafarmacia.com\/Formacion_farmacias\/?page_id=951\">M\u00e1s informaci\u00f3n<\/a><\/a><\/p>\n<\/div><\/div>\n\n\n\n<hr style=\"height:1px;border:none;color:#333;background-color:#333;\">\n\n\n\n<div class=\"wp-block-media-text alignwide is-stacked-on-mobile is-vertically-aligned-top has-cyan-bluish-gray-color has-text-color\" style=\"grid-template-columns:40% auto\"><figure class=\"wp-block-media-text__media\"><img src=\"https:\/\/accionformativa.es\/formacion_SM\/wp-content\/uploads\/2022\/01\/soft010.jpg\" alt=\"\" class=\"wp-image-1042 size-full\"\/><\/figure><div class=\"wp-block-media-text__content\">\n<p class=\"has-text-align-left has-black-color has-text-color\" style=\"font-size:24px\"><strong>Liderazgo de Equipos<\/strong><\/p>\n\n\n\n<p class=\"has-text-align-left\"><span class=\"has-inline-color has-black-color\"><strong>Duraci\u00f3n:<\/strong> 8 horas<\/span><\/p>\n\n\n\n<p><span class=\"has-inline-color has-black-color\"><span class=\"has-inline-color has-black-color\"><span class=\"has-inline-color has-black-color\">P\u00fablico General: <\/span><\/span> <strong>60\u20ac<\/strong><\/span> <\/p>\n\n\n\n<p class=\"has-medium-font-size\"><span class=\"has-inline-color has-black-color\">CCentros Oficiales Silvia Moreno: <\/span><strong><span class=\"has-inline-color has-vivid-green-cyan-color\">45\u20ac<\/span><\/strong> <span class=\"has-inline-color has-black-color\">(bonificado)<\/span><\/p>\n\n\n\n<p class=\"has-text-align-left\"><a href=\"https:\/\/accionformativa.es\/formacion_SM\/?page_id=966\"><a href=\"https:\/\/tecnicoenfarmaciayparafarmacia.com\/Formacion_farmacias\/?page_id=951\">M\u00e1s informaci\u00f3n<\/a><\/a><\/p>\n<\/div><\/div>\n\n\n\n<hr style=\"height:1px;border:none;color:#333;background-color:#333;\">\n\n\n\n<div class=\"wp-block-media-text alignwide has-media-on-the-right is-stacked-on-mobile is-vertically-aligned-top\" style=\"grid-template-columns:auto 40%\"><figure class=\"wp-block-media-text__media\"><img src=\"https:\/\/accionformativa.es\/formacion_SM\/wp-content\/uploads\/2022\/01\/soft02-1024x683.jpg\" alt=\"\" class=\"wp-image-1034 size-full\"\/><\/figure><div class=\"wp-block-media-text__content\">\n<p class=\"has-text-align-right\" style=\"font-size:24px\"><strong>Gesti\u00f3n y Motivaci\u00f3n de Equipos en Remoto<\/strong><\/p>\n\n\n\n<p class=\"has-text-align-right\"><span class=\"has-inline-color has-black-color\"><strong>Duraci\u00f3n: <\/strong>20 horas<\/span><\/p>\n\n\n\n<p class=\"has-text-align-right\"><span class=\"has-inline-color has-black-color\"><span class=\"has-inline-color has-black-color\">P\u00fablico General: <strong>150\u20ac<\/strong><\/span><\/span><\/p>\n\n\n\n<p class=\"has-text-align-right has-medium-font-size\"><span class=\"has-inline-color has-black-color\">Centros Oficiales Silvia Moreno: <\/span><span class=\"has-inline-color has-vivid-green-cyan-color\"><strong>120\u20ac <\/strong><\/span><span class=\"has-inline-color has-black-color\">(bonificado)<\/span><\/p>\n\n\n\n<p class=\"has-text-align-right\"><a href=\"https:\/\/accionformativa.es\/formacion_SM\/?page_id=966\"><a href=\"https:\/\/tecnicoenfarmaciayparafarmacia.com\/Formacion_farmacias\/?page_id=951\">M\u00e1s informaci\u00f3n<\/a><\/a><\/p>\n<\/div><\/div>\n\n\n\n<hr style=\"height:1px;border:none;color:#333;background-color:#333;\">\n\n\n\n<div class=\"wp-block-media-text alignwide is-stacked-on-mobile is-vertically-aligned-top has-cyan-bluish-gray-color has-text-color\" style=\"grid-template-columns:40% auto\"><figure class=\"wp-block-media-text__media\"><img src=\"https:\/\/accionformativa.es\/formacion_SM\/wp-content\/uploads\/2022\/01\/soft05.jpg\" alt=\"\" class=\"wp-image-1037 size-full\"\/><\/figure><div class=\"wp-block-media-text__content\">\n<p class=\"has-text-align-left has-black-color has-text-color\" style=\"font-size:24px\"><strong>La Gesti\u00f3n del Tiempo y Tareas para Equipos de Alto Rendimiento<\/strong><\/p>\n\n\n\n<p class=\"has-text-align-left has-black-color has-text-color\"><span class=\"has-inline-color has-black-color\"><strong>Duraci\u00f3n: <\/strong>6 horas<\/span><\/p>\n\n\n\n<p><span class=\"has-inline-color has-black-color\">P\u00fablico General: <strong>45\u20ac<\/strong><\/span><\/p>\n\n\n\n<p class=\"has-medium-font-size\"><span class=\"has-inline-color has-black-color\">Centros Oficiales Silvia Moreno: <\/span><strong><span class=\"has-inline-color has-vivid-green-cyan-color\">35\u20ac<\/span><\/strong> <span class=\"has-inline-color has-black-color\">(bonificado)<\/span><\/p>\n\n\n\n<p class=\"has-text-align-left\"><a href=\"https:\/\/accionformativa.es\/formacion_SM\/?page_id=966\"><a href=\"https:\/\/tecnicoenfarmaciayparafarmacia.com\/Formacion_farmacias\/?page_id=951\">M\u00e1s informaci\u00f3n<\/a><\/a><\/p>\n<\/div><\/div>\n\n\n\n<hr style=\"height:1px;border:none;color:#333;background-color:#333;\">\n\n\n\n<div class=\"wp-block-media-text alignwide has-media-on-the-right is-stacked-on-mobile is-vertically-aligned-top\" style=\"grid-template-columns:auto 40%\"><figure class=\"wp-block-media-text__media\"><img src=\"https:\/\/accionformativa.es\/formacion_SM\/wp-content\/uploads\/2022\/01\/RRHH016.jpg\" alt=\"\" class=\"wp-image-1027 size-full\"\/><\/figure><div class=\"wp-block-media-text__content\">\n<p class=\"has-text-align-right\" style=\"font-size:24px\"><strong>T\u00e9cnicas de Negociaci\u00f3n<\/strong><\/p>\n\n\n\n<p class=\"has-text-align-right\"><span class=\"has-inline-color has-black-color\"><strong>Duraci\u00f3n: <\/strong>15 horas<\/span><\/p>\n\n\n\n<p class=\"has-text-align-right\"><span class=\"has-inline-color has-black-color\">P\u00fablico General: <strong>115\u20ac<\/strong><\/span><\/p>\n\n\n\n<p class=\"has-text-align-right has-medium-font-size\"><span class=\"has-inline-color has-black-color\">Centros Oficiales Silvia Moreno: <\/span><strong><span class=\"has-inline-color has-vivid-green-cyan-color\">90\u20ac<\/span><\/strong> <span class=\"has-inline-color has-black-color\">(bonificado)<\/span><\/p>\n\n\n\n<p class=\"has-text-align-right\"><a href=\"https:\/\/accionformativa.es\/formacion_SM\/?page_id=966\"><a href=\"https:\/\/tecnicoenfarmaciayparafarmacia.com\/Formacion_farmacias\/?page_id=951\">M\u00e1s informaci\u00f3n<\/a><\/a><\/p>\n<\/div><\/div>\n\n\n\n<hr style=\"height:1px;border:none;color:#333;background-color:#333;\">\n\n\n\n<div class=\"wp-block-media-text alignwide is-stacked-on-mobile is-vertically-aligned-top has-cyan-bluish-gray-color has-text-color\" style=\"grid-template-columns:40% auto\"><figure class=\"wp-block-media-text__media\"><img src=\"https:\/\/accionformativa.es\/formacion_SM\/wp-content\/uploads\/2022\/01\/soft04.jpg\" alt=\"\" class=\"wp-image-1036 size-full\"\/><\/figure><div class=\"wp-block-media-text__content\">\n<p class=\"has-text-align-left has-black-color has-text-color\" style=\"font-size:24px\"><strong>La Gesti\u00f3n de Conflictos en el Entorno Laboral<\/strong><\/p>\n\n\n\n<p class=\"has-text-align-left\"><span class=\"has-inline-color has-black-color\"><strong>Duraci\u00f3n: <\/strong>8 horas<\/span><\/p>\n\n\n\n<p><span class=\"has-inline-color has-black-color\">P\u00fablico General: <strong>60\u20ac<\/strong><\/span><\/p>\n\n\n\n<p class=\"has-medium-font-size\"><span class=\"has-inline-color has-black-color\">ColeCentros Oficiales Silvia Moreno: <\/span><strong><span class=\"has-inline-color has-vivid-green-cyan-color\">45\u20ac<\/span><\/strong> <span class=\"has-inline-color has-black-color\">(bonificado)<\/span><\/p>\n\n\n\n<p class=\"has-text-align-left\"><a href=\"https:\/\/accionformativa.es\/formacion_SM\/?page_id=966\"><a href=\"https:\/\/tecnicoenfarmaciayparafarmacia.com\/Formacion_farmacias\/?page_id=951\">M\u00e1s informaci\u00f3n<\/a><\/a><\/p>\n<\/div><\/div>\n\n\n\n<hr style=\"height:1px;border:none;color:#333;background-color:#333;\">\n\n\n\n<div class=\"wp-block-media-text alignwide has-media-on-the-right is-stacked-on-mobile is-vertically-aligned-top\" style=\"grid-template-columns:auto 40%\"><figure class=\"wp-block-media-text__media\"><img src=\"https:\/\/accionformativa.es\/formacion_SM\/wp-content\/uploads\/2022\/01\/soft03.jpg\" alt=\"\" class=\"wp-image-1035 size-full\"\/><\/figure><div class=\"wp-block-media-text__content\">\n<p class=\"has-text-align-right\" style=\"font-size:24px\"><strong>Escucha Activa y Empat\u00eda<\/strong><\/p>\n\n\n\n<p class=\"has-text-align-right\"><strong>Duraci\u00f3n: <\/strong>30 horas<\/p>\n\n\n\n<p class=\"has-text-align-right\"><span class=\"has-inline-color has-black-color\"><span class=\"has-inline-color has-black-color\">P\u00fablico General: <strong>225\u20ac<\/strong><\/span><\/span><\/p>\n\n\n\n<p class=\"has-text-align-right has-medium-font-size\"><span class=\"has-inline-color has-black-color\">Centros Oficiales Silvia Moreno: <\/span><strong><span class=\"has-inline-color has-vivid-green-cyan-color\">180\u20ac<\/span><\/strong> <span class=\"has-inline-color has-black-color\">(bonificado<\/span>)<\/p>\n\n\n\n<p class=\"has-text-align-right\"><a href=\"https:\/\/accionformativa.es\/formacion_SM\/?page_id=966\"><a href=\"https:\/\/tecnicoenfarmaciayparafarmacia.com\/Formacion_farmacias\/?page_id=951\">M\u00e1s informaci\u00f3n<\/a><\/a><\/p>\n<\/div><\/div>\n\n\n\n<hr style=\"height:1px;border:none;color:#333;background-color:#333;\">\n\n\n\n<div class=\"wp-block-media-text alignwide is-stacked-on-mobile is-vertically-aligned-top has-cyan-bluish-gray-color has-text-color\" style=\"grid-template-columns:40% auto\"><figure class=\"wp-block-media-text__media\"><img src=\"https:\/\/accionformativa.es\/formacion_SM\/wp-content\/uploads\/2022\/01\/soft06.jpg\" alt=\"\" class=\"wp-image-1038 size-full\"\/><\/figure><div class=\"wp-block-media-text__content\">\n<p class=\"has-text-align-left has-black-color has-text-color\" style=\"font-size:24px\"><strong>Presentaciones Efectivas en Entorno Laboral<\/strong><\/p>\n\n\n\n<p class=\"has-text-align-left\"><span class=\"has-inline-color has-black-color\"><strong>Duraci\u00f3n: <\/strong>15 horas<\/span><\/p>\n\n\n\n<p><span class=\"has-inline-color has-black-color\">P\u00fablico General: <strong>115\u20ac<\/strong><\/span><\/p>\n\n\n\n<p class=\"has-medium-font-size\"><span class=\"has-inline-color has-black-color\">Centros Oficiales Silvia Moreno: <\/span><strong><span class=\"has-inline-color has-vivid-green-cyan-color\">90\u20ac<\/span><\/strong> <span class=\"has-inline-color has-black-color\">(bonificado)<\/span><\/p>\n\n\n\n<p class=\"has-text-align-left\"><a href=\"https:\/\/accionformativa.es\/formacion_SM\/?page_id=966\"><a href=\"https:\/\/tecnicoenfarmaciayparafarmacia.com\/Formacion_farmacias\/?page_id=951\">M\u00e1s informaci\u00f3n<\/a><\/a><\/p>\n<\/div><\/div>\n\n\n\n<hr style=\"height:1px;border:none;color:#333;background-color:#333;\">\n\n\n\n<div class=\"wp-block-media-text alignwide has-media-on-the-right is-stacked-on-mobile is-vertically-aligned-top\" style=\"grid-template-columns:auto 40%\"><figure class=\"wp-block-media-text__media\"><img src=\"https:\/\/accionformativa.es\/formacion_SM\/wp-content\/uploads\/2022\/01\/soft09.jpg\" alt=\"\" class=\"wp-image-1041 size-full\"\/><\/figure><div class=\"wp-block-media-text__content\">\n<p class=\"has-text-align-right\" style=\"font-size:24px\"><strong>Herramientas para Presentaciones Verbales Efectivas e Impactantes<\/strong><\/p>\n\n\n\n<p class=\"has-text-align-right\"><span class=\"has-inline-color has-black-color\"><strong>Duraci\u00f3n: <\/strong>8 horas<\/span><\/p>\n\n\n\n<p class=\"has-text-align-right\"><span class=\"has-inline-color has-black-color\"><span class=\"has-inline-color has-black-color\">P\u00fablico General: <strong>60\u20ac<\/strong><\/span><\/span><\/p>\n\n\n\n<p class=\"has-text-align-right has-medium-font-size\"><span class=\"has-inline-color has-black-color\">Centros Oficiales Silvia Moreno: <\/span><span class=\"has-inline-color has-vivid-green-cyan-color\"><strong>45\u20ac <\/strong><\/span><span class=\"has-inline-color has-black-color\">(bonificado)<\/span><\/p>\n\n\n\n<p class=\"has-text-align-right\"><a href=\"https:\/\/accionformativa.es\/formacion_SM\/?page_id=966\"><a href=\"https:\/\/tecnicoenfarmaciayparafarmacia.com\/Formacion_farmacias\/?page_id=951\">M\u00e1s informaci\u00f3n<\/a><\/a><\/p>\n<\/div><\/div>\n\n\n\n<hr style=\"height:1px;border:none;color:#333;background-color:#333;\">\n\n\n\n<div class=\"wp-block-media-text alignwide is-stacked-on-mobile is-vertically-aligned-top has-cyan-bluish-gray-color has-text-color\" style=\"grid-template-columns:40% auto\"><figure class=\"wp-block-media-text__media\"><img src=\"https:\/\/accionformativa.es\/formacion_SM\/wp-content\/uploads\/2022\/01\/soft010.jpg\" alt=\"\" class=\"wp-image-1042 size-full\"\/><\/figure><div class=\"wp-block-media-text__content\">\n<p class=\"has-text-align-left has-black-color has-text-color\" style=\"font-size:24px\"><strong>Liderazgo de Equipos<\/strong><\/p>\n\n\n\n<p class=\"has-text-align-left\"><span class=\"has-inline-color has-black-color\"><strong>Duraci\u00f3n:<\/strong> 8 horas<\/span><\/p>\n\n\n\n<p><span class=\"has-inline-color has-black-color\"><span class=\"has-inline-color has-black-color\"><span class=\"has-inline-color has-black-color\">P\u00fablico General: <\/span><\/span> <strong>60\u20ac<\/strong><\/span> <\/p>\n\n\n\n<p class=\"has-medium-font-size\"><span class=\"has-inline-color has-black-color\">CCentros Oficiales Silvia Moreno: <\/span><strong><span class=\"has-inline-color has-vivid-green-cyan-color\">45\u20ac<\/span><\/strong> <span class=\"has-inline-color has-black-color\">(bonificado)<\/span><\/p>\n\n\n\n<p class=\"has-text-align-left\"><a href=\"https:\/\/accionformativa.es\/formacion_SM\/?page_id=966\"><a href=\"https:\/\/tecnicoenfarmaciayparafarmacia.com\/Formacion_farmacias\/?page_id=951\">M\u00e1s informaci\u00f3n<\/a><\/a><\/p>\n<\/div><\/div>\n\n\n\n<hr style=\"height:1px;border:none;color:#333;background-color:#333;\">\n\n\n\n<div class=\"wp-block-media-text alignwide has-media-on-the-right is-stacked-on-mobile is-vertically-aligned-top\" style=\"grid-template-columns:auto 40%\"><figure class=\"wp-block-media-text__media\"><img src=\"https:\/\/accionformativa.es\/formacion_SM\/wp-content\/uploads\/2022\/01\/soft02-1024x683.jpg\" alt=\"\" class=\"wp-image-1034 size-full\"\/><\/figure><div class=\"wp-block-media-text__content\">\n<p class=\"has-text-align-right\" style=\"font-size:24px\"><strong>Gesti\u00f3n y Motivaci\u00f3n de Equipos en Remoto<\/strong><\/p>\n\n\n\n<p class=\"has-text-align-right\"><span class=\"has-inline-color has-black-color\"><strong>Duraci\u00f3n: <\/strong>20 horas<\/span><\/p>\n\n\n\n<p class=\"has-text-align-right\"><span class=\"has-inline-color has-black-color\"><span class=\"has-inline-color has-black-color\">P\u00fablico General: <strong>150\u20ac<\/strong><\/span><\/span><\/p>\n\n\n\n<p class=\"has-text-align-right has-medium-font-size\"><span class=\"has-inline-color has-black-color\">Centros Oficiales Silvia Moreno: <\/span><span class=\"has-inline-color has-vivid-green-cyan-color\"><strong>120\u20ac <\/strong><\/span><span class=\"has-inline-color has-black-color\">(bonificado)<\/span><\/p>\n\n\n\n<p class=\"has-text-align-right\"><a href=\"https:\/\/accionformativa.es\/formacion_SM\/?page_id=966\"><a href=\"https:\/\/tecnicoenfarmaciayparafarmacia.com\/Formacion_farmacias\/?page_id=951\">M\u00e1s informaci\u00f3n<\/a><\/a><\/p>\n<\/div><\/div>\n\n\n\n<hr style=\"height:1px;border:none;color:#333;background-color:#333;\">\n","protected":false},"excerpt":{"rendered":"<p>Delegaci\u00f3n en RRHH Duraci\u00f3n: 20 horas P\u00fablico General: 150\u20ac Centros Oficiales Silvia Moreno: 120\u20ac (bonificado) M\u00e1s informaci\u00f3n La Gesti\u00f3n del Tiempo y Tareas para Equipos de Alto Rendimiento Duraci\u00f3n: 6 horas P\u00fablico General: 45\u20ac Centros Oficiales Silvia Moreno: 35\u20ac (bonificado) M\u00e1s informaci\u00f3n T\u00e9cnicas de Negociaci\u00f3n Duraci\u00f3n: 15 horas P\u00fablico General: 115\u20ac Centros Oficiales Silvia Moreno: &hellip; <\/p>\n<p class=\"link-more\"><a href=\"https:\/\/tecnicoenfarmaciayparafarmacia.com\/Formacion_farmacias\/?page_id=944\" class=\"more-link\">Leer m\u00e1s<span class=\"screen-reader-text\"> \u00abSoft Skills\u00bb<\/span><\/a><\/p>\n","protected":false},"author":1,"featured_media":0,"parent":0,"menu_order":0,"comment_status":"closed","ping_status":"closed","template":"","meta":[],"yoast_head":"<!-- This site is optimized with the Yoast SEO plugin v18.0 - https:\/\/yoast.com\/wordpress\/plugins\/seo\/ -->\n<title>Soft Skills - Formaci\u00f3n Icofma<\/title>\n<meta name=\"robots\" content=\"index, follow, max-snippet:-1, max-image-preview:large, max-video-preview:-1\" \/>\n<link rel=\"canonical\" href=\"https:\/\/tecnicoenfarmaciayparafarmacia.com\/Formacion_farmacias\/?page_id=944\" \/>\n<meta property=\"og:locale\" content=\"es_ES\" \/>\n<meta property=\"og:type\" content=\"article\" \/>\n<meta property=\"og:title\" content=\"Soft Skills - Formaci\u00f3n Icofma\" \/>\n<meta property=\"og:description\" content=\"Delegaci\u00f3n en RRHH Duraci\u00f3n: 20 horas P\u00fablico General: 150\u20ac Centros Oficiales Silvia Moreno: 120\u20ac (bonificado) M\u00e1s informaci\u00f3n La Gesti\u00f3n del Tiempo y Tareas para Equipos de Alto Rendimiento Duraci\u00f3n: 6 horas P\u00fablico General: 45\u20ac Centros Oficiales Silvia Moreno: 35\u20ac (bonificado) M\u00e1s informaci\u00f3n T\u00e9cnicas de Negociaci\u00f3n Duraci\u00f3n: 15 horas P\u00fablico General: 115\u20ac Centros Oficiales Silvia Moreno: &hellip; Leer m\u00e1s \u00abSoft Skills\u00bb\" \/>\n<meta property=\"og:url\" content=\"https:\/\/tecnicoenfarmaciayparafarmacia.com\/Formacion_farmacias\/?page_id=944\" \/>\n<meta property=\"og:site_name\" content=\"Formaci\u00f3n Icofma\" \/>\n<meta property=\"article:modified_time\" content=\"2022-01-27T21:59:29+00:00\" \/>\n<meta property=\"og:image\" content=\"https:\/\/accionformativa.es\/formacion_SM\/wp-content\/uploads\/2022\/01\/soft01.jpg\" \/>\n<meta name=\"twitter:card\" content=\"summary_large_image\" \/>\n<meta name=\"twitter:label1\" content=\"Tiempo de lectura\" \/>\n\t<meta name=\"twitter:data1\" content=\"5 minutos\" \/>\n<script type=\"application\/ld+json\" class=\"yoast-schema-graph\">{\"@context\":\"https:\/\/schema.org\",\"@graph\":[{\"@type\":\"WebSite\",\"@id\":\"https:\/\/tecnicoenfarmaciayparafarmacia.com\/Formacion_farmacias\/#website\",\"url\":\"https:\/\/tecnicoenfarmaciayparafarmacia.com\/Formacion_farmacias\/\",\"name\":\"Formaci\u00f3n Icofma\",\"description\":\"Formaci\u00f3n por y para Farmacias\",\"potentialAction\":[{\"@type\":\"SearchAction\",\"target\":{\"@type\":\"EntryPoint\",\"urlTemplate\":\"https:\/\/tecnicoenfarmaciayparafarmacia.com\/Formacion_farmacias\/?s={search_term_string}\"},\"query-input\":\"required name=search_term_string\"}],\"inLanguage\":\"es\"},{\"@type\":\"ImageObject\",\"@id\":\"https:\/\/tecnicoenfarmaciayparafarmacia.com\/Formacion_farmacias\/?page_id=944#primaryimage\",\"inLanguage\":\"es\",\"url\":\"https:\/\/accionformativa.es\/formacion_SM\/wp-content\/uploads\/2022\/01\/soft01.jpg\",\"contentUrl\":\"https:\/\/accionformativa.es\/formacion_SM\/wp-content\/uploads\/2022\/01\/soft01.jpg\"},{\"@type\":\"WebPage\",\"@id\":\"https:\/\/tecnicoenfarmaciayparafarmacia.com\/Formacion_farmacias\/?page_id=944#webpage\",\"url\":\"https:\/\/tecnicoenfarmaciayparafarmacia.com\/Formacion_farmacias\/?page_id=944\",\"name\":\"Soft Skills - Formaci\u00f3n Icofma\",\"isPartOf\":{\"@id\":\"https:\/\/tecnicoenfarmaciayparafarmacia.com\/Formacion_farmacias\/#website\"},\"primaryImageOfPage\":{\"@id\":\"https:\/\/tecnicoenfarmaciayparafarmacia.com\/Formacion_farmacias\/?page_id=944#primaryimage\"},\"datePublished\":\"2022-01-27T21:04:51+00:00\",\"dateModified\":\"2022-01-27T21:59:29+00:00\",\"breadcrumb\":{\"@id\":\"https:\/\/tecnicoenfarmaciayparafarmacia.com\/Formacion_farmacias\/?page_id=944#breadcrumb\"},\"inLanguage\":\"es\",\"potentialAction\":[{\"@type\":\"ReadAction\",\"target\":[\"https:\/\/tecnicoenfarmaciayparafarmacia.com\/Formacion_farmacias\/?page_id=944\"]}]},{\"@type\":\"BreadcrumbList\",\"@id\":\"https:\/\/tecnicoenfarmaciayparafarmacia.com\/Formacion_farmacias\/?page_id=944#breadcrumb\",\"itemListElement\":[{\"@type\":\"ListItem\",\"position\":1,\"name\":\"Home\",\"item\":\"https:\/\/tecnicoenfarmaciayparafarmacia.com\/Formacion_farmacias\/\"},{\"@type\":\"ListItem\",\"position\":2,\"name\":\"Soft Skills\"}]}]}<\/script>\n<!-- \/ Yoast SEO plugin. -->","yoast_head_json":{"title":"Soft Skills - Formaci\u00f3n Icofma","robots":{"index":"index","follow":"follow","max-snippet":"max-snippet:-1","max-image-preview":"max-image-preview:large","max-video-preview":"max-video-preview:-1"},"canonical":"https:\/\/tecnicoenfarmaciayparafarmacia.com\/Formacion_farmacias\/?page_id=944","og_locale":"es_ES","og_type":"article","og_title":"Soft Skills - Formaci\u00f3n Icofma","og_description":"Delegaci\u00f3n en RRHH Duraci\u00f3n: 20 horas P\u00fablico General: 150\u20ac Centros Oficiales Silvia Moreno: 120\u20ac (bonificado) M\u00e1s informaci\u00f3n La Gesti\u00f3n del Tiempo y Tareas para Equipos de Alto Rendimiento Duraci\u00f3n: 6 horas P\u00fablico General: 45\u20ac Centros Oficiales Silvia Moreno: 35\u20ac (bonificado) M\u00e1s informaci\u00f3n T\u00e9cnicas de Negociaci\u00f3n Duraci\u00f3n: 15 horas P\u00fablico General: 115\u20ac Centros Oficiales Silvia Moreno: &hellip; Leer m\u00e1s \u00abSoft Skills\u00bb","og_url":"https:\/\/tecnicoenfarmaciayparafarmacia.com\/Formacion_farmacias\/?page_id=944","og_site_name":"Formaci\u00f3n Icofma","article_modified_time":"2022-01-27T21:59:29+00:00","og_image":[{"url":"https:\/\/accionformativa.es\/formacion_SM\/wp-content\/uploads\/2022\/01\/soft01.jpg"}],"twitter_card":"summary_large_image","twitter_misc":{"Tiempo de lectura":"5 minutos"},"schema":{"@context":"https:\/\/schema.org","@graph":[{"@type":"WebSite","@id":"https:\/\/tecnicoenfarmaciayparafarmacia.com\/Formacion_farmacias\/#website","url":"https:\/\/tecnicoenfarmaciayparafarmacia.com\/Formacion_farmacias\/","name":"Formaci\u00f3n Icofma","description":"Formaci\u00f3n por y para Farmacias","potentialAction":[{"@type":"SearchAction","target":{"@type":"EntryPoint","urlTemplate":"https:\/\/tecnicoenfarmaciayparafarmacia.com\/Formacion_farmacias\/?s={search_term_string}"},"query-input":"required name=search_term_string"}],"inLanguage":"es"},{"@type":"ImageObject","@id":"https:\/\/tecnicoenfarmaciayparafarmacia.com\/Formacion_farmacias\/?page_id=944#primaryimage","inLanguage":"es","url":"https:\/\/accionformativa.es\/formacion_SM\/wp-content\/uploads\/2022\/01\/soft01.jpg","contentUrl":"https:\/\/accionformativa.es\/formacion_SM\/wp-content\/uploads\/2022\/01\/soft01.jpg"},{"@type":"WebPage","@id":"https:\/\/tecnicoenfarmaciayparafarmacia.com\/Formacion_farmacias\/?page_id=944#webpage","url":"https:\/\/tecnicoenfarmaciayparafarmacia.com\/Formacion_farmacias\/?page_id=944","name":"Soft Skills - Formaci\u00f3n Icofma","isPartOf":{"@id":"https:\/\/tecnicoenfarmaciayparafarmacia.com\/Formacion_farmacias\/#website"},"primaryImageOfPage":{"@id":"https:\/\/tecnicoenfarmaciayparafarmacia.com\/Formacion_farmacias\/?page_id=944#primaryimage"},"datePublished":"2022-01-27T21:04:51+00:00","dateModified":"2022-01-27T21:59:29+00:00","breadcrumb":{"@id":"https:\/\/tecnicoenfarmaciayparafarmacia.com\/Formacion_farmacias\/?page_id=944#breadcrumb"},"inLanguage":"es","potentialAction":[{"@type":"ReadAction","target":["https:\/\/tecnicoenfarmaciayparafarmacia.com\/Formacion_farmacias\/?page_id=944"]}]},{"@type":"BreadcrumbList","@id":"https:\/\/tecnicoenfarmaciayparafarmacia.com\/Formacion_farmacias\/?page_id=944#breadcrumb","itemListElement":[{"@type":"ListItem","position":1,"name":"Home","item":"https:\/\/tecnicoenfarmaciayparafarmacia.com\/Formacion_farmacias\/"},{"@type":"ListItem","position":2,"name":"Soft Skills"}]}]}},"_links":{"self":[{"href":"https:\/\/tecnicoenfarmaciayparafarmacia.com\/Formacion_farmacias\/index.php?rest_route=\/wp\/v2\/pages\/944"}],"collection":[{"href":"https:\/\/tecnicoenfarmaciayparafarmacia.com\/Formacion_farmacias\/index.php?rest_route=\/wp\/v2\/pages"}],"about":[{"href":"https:\/\/tecnicoenfarmaciayparafarmacia.com\/Formacion_farmacias\/index.php?rest_route=\/wp\/v2\/types\/page"}],"author":[{"embeddable":true,"href":"https:\/\/tecnicoenfarmaciayparafarmacia.com\/Formacion_farmacias\/index.php?rest_route=\/wp\/v2\/users\/1"}],"replies":[{"embeddable":true,"href":"https:\/\/tecnicoenfarmaciayparafarmacia.com\/Formacion_farmacias\/index.php?rest_route=%2Fwp%2Fv2%2Fcomments&post=944"}],"version-history":[{"count":3,"href":"https:\/\/tecnicoenfarmaciayparafarmacia.com\/Formacion_farmacias\/index.php?rest_route=\/wp\/v2\/pages\/944\/revisions"}],"predecessor-version":[{"id":959,"href":"https:\/\/tecnicoenfarmaciayparafarmacia.com\/Formacion_farmacias\/index.php?rest_route=\/wp\/v2\/pages\/944\/revisions\/959"}],"wp:attachment":[{"href":"https:\/\/tecnicoenfarmaciayparafarmacia.com\/Formacion_farmacias\/index.php?rest_route=%2Fwp%2Fv2%2Fmedia&parent=944"}],"curies":[{"name":"wp","href":"https:\/\/api.w.org\/{rel}","templated":true}]}}